{"id":829,"date":"2026-04-26T10:44:28","date_gmt":"2026-04-26T10:44:28","guid":{"rendered":"https:\/\/autosbondia.com\/?page_id=829"},"modified":"2026-04-28T08:32:54","modified_gmt":"2026-04-28T08:32:54","slug":"una-semana-por-menorca","status":"publish","type":"page","link":"https:\/\/autosbondia.com\/es\/una-semana-por-menorca\/","title":{"rendered":"Una semana por Menorca"},"content":{"rendered":"  <div id=\"page-header-1196759082\" class=\"page-header-wrapper\">\n  <div class=\"page-title page*header dark featured-title\">\n\n        <div class=\"page-title-bg\">\n      <div class=\"title-bg fill bg-fill\"\n        data-parallax-container=\".page-title\"\n        data-parallax-background\n        data-parallax=\"-\">\n      <\/div>\n      <div class=\"title-overlay fill\"><\/div>\n    <\/div>\n    \n    <div class=\"page-title-inner container align-center text-center flex-row-col medium-flex-wrap\" >\n              <div class=\"title-wrapper flex-col\">\n          <h1 class=\"entry-title mb-0\">\n            Una semana por menorca          <\/h1>\n        <\/div>\n                    <div class=\"title-content flex-col\">\n        <ul class=\"nav sm-touch-scroll nav-divided nav-uppercase text-center nav-center\"><li class=\"nav-single-page hidden\"><\/li><\/ul>      <\/div>\n    <\/div>\n\n     \n<style>\n#page-header-1196759082 .page-title-inner {\n  min-height: 150px;\n}\n#page-header-1196759082 {\n  margin-bottom: 0px;\n}\n#page-header-1196759082 .title-bg {\n  background-image: url(https:\/\/autosbondia.com\/wp-content\/uploads\/2026\/04\/cavalleria.jpg);\n}\n<\/style>\n  <\/div>\n    <\/div>\n  \n\t<div id=\"gap-416949388\" class=\"gap-element clearfix\" style=\"display:block; height:auto;\">\n\t\t\n<style>\n#gap-416949388 {\n  padding-top: 100px;\n}\n<\/style>\n\t<\/div>\n\t\n<div class=\"row row-collapse row-full-width align-middle\"  id=\"row-20050253\">\n\n\t<div id=\"col-271161816\" class=\"col medium-12 small-12 large-5\"  >\n\t\t\t\t<div class=\"col-inner\"  >\n\t\t\t\n\t\t\t\n\t<section class=\"section dark\" id=\"section_505366287\">\n\t\t<div class=\"bg section-bg fill bg-fill  \" >\n\n\t\t\t\n\t\t\t<div class=\"section-bg-overlay absolute fill\"><\/div>\n\t\t\t\n\n\t\t<\/div>\n\n\t\t\n\n\t\t<div class=\"section-content relative\">\n\t\t\t\n<div class=\"row\"  id=\"row-1746408370\">\n\n\t<div id=\"col-958344830\" class=\"col medium-10 small-12 large-10\"  >\n\t\t\t\t<div class=\"col-inner\"  >\n\t\t\t\n\t\t\t\n\t<div id=\"gap-1859580077\" class=\"gap-element clearfix\" style=\"display:block; height:auto;\">\n\t\t\n<style>\n#gap-1859580077 {\n  padding-top: 30px;\n}\n<\/style>\n\t<\/div>\n\t\n\t<div id=\"text-2080993320\" class=\"text\">\n\t\t\n<h3>Sa Mesquida<\/h3>\n\t\t\n<style>\n#text-2080993320 {\n  font-size: 2rem;\n  line-height: 1;\n}\n@media (min-width:550px) {\n  #text-2080993320 {\n    font-size: 2.25rem;\n  }\n}\n<\/style>\n\t<\/div>\n\t\n<div class=\"is-divider divider clearfix\" style=\"max-width:80px;background-color:rgb(255, 255, 255);\"><\/div>\n\t\t<\/div>\n\t\t\t\t\n<style>\n#col-958344830 > .col-inner {\n  padding: 0px 0px 0px 0;\n}\n@media (min-width:550px) {\n  #col-958344830 > .col-inner {\n    padding: 0px 0px 0px 15%;\n  }\n}\n<\/style>\n\t<\/div>\n\n\t\n<\/div>\n\t\t<\/div>\n\n\t\t\n<style>\n#section_505366287 {\n  padding-top: 0px;\n  padding-bottom: 0px;\n  min-height: 440px;\n}\n#section_505366287 .section-bg-overlay {\n  background-color: rgba(0, 0, 0, 0.29);\n}\n#section_505366287 .section-bg.bg-loaded {\n  background-image: url(https:\/\/autosbondia.com\/wp-content\/uploads\/2026\/04\/mesquida.jpg);\n}\n#section_505366287 .ux-shape-divider--top svg {\n  height: 150px;\n  --divider-top-width: 100%;\n}\n#section_505366287 .ux-shape-divider--bottom svg {\n  height: 150px;\n  --divider-width: 100%;\n}\n@media (min-width:550px) {\n  #section_505366287 {\n    min-height: 500px;\n  }\n}\n@media (min-width:850px) {\n  #section_505366287 {\n    min-height: 750px;\n  }\n}\n<\/style>\n\t<\/section>\n\t\n\t\t<\/div>\n\t\t\t\t\t<\/div>\n\n\t\n\n\t<div id=\"col-871784807\" class=\"col medium-12 small-12 large-7\"  >\n\t\t\t\t<div class=\"col-inner\"  >\n\t\t\t\n\t\t\t\n<div class=\"container section-title-container\" ><h2 class=\"section-title section-title-center\"><b><\/b><span class=\"section-title-main\" >Lunes<\/span><b><\/b><\/h2><\/div>\n\n\n<p>Sa Mesquida, en Menorca, es una playa perfecta para quienes buscan tranquilidad y naturaleza. Con su arena dorada, aguas claras y un entorno poco masificado, ofrece una experiencia aut\u00e9ntica lejos del turismo m\u00e1s intenso.<\/p>\n<p>Muy cerca de Ma\u00f3, es ideal para desconectar, pasear y disfrutar del paisaje en estado puro. Un lugar sencillo, pero especial.<\/p>\n\t\t<\/div>\n\t\t\t\t\n<style>\n#col-871784807 > .col-inner {\n  padding: 40px 15% 30px 15%;\n}\n@media (min-width:550px) {\n  #col-871784807 > .col-inner {\n    padding: 60px 15% 60px 15%;\n  }\n}\n@media (min-width:850px) {\n  #col-871784807 > .col-inner {\n    padding: 0px 15% 0px 15%;\n  }\n}\n<\/style>\n\t<\/div>\n\n\t\n<\/div>\n\t<div id=\"gap-578750370\" class=\"gap-element clearfix\" style=\"display:block; height:auto;\">\n\t\t\n<style>\n#gap-578750370 {\n  padding-top: 100px;\n}\n<\/style>\n\t<\/div>\n\t\n<div class=\"row row-collapse row-full-width align-middle hide-for-medium\"  id=\"row-1265204390\">\n\n\t<div id=\"col-985828831\" class=\"col medium-12 small-12 large-7\"  >\n\t\t\t\t<div class=\"col-inner\"  >\n\t\t\t\n\t\t\t\n<div class=\"container section-title-container\" ><h2 class=\"section-title section-title-center\"><b><\/b><span class=\"section-title-main\" >Martes<\/span><b><\/b><\/h2><\/div>\n<p>La Mola de Menorca es uno de los lugares hist\u00f3ricos m\u00e1s impresionantes de Menorca. Se trata de una gran fortaleza militar situada en la entrada del puerto de Ma\u00f3, construida en el siglo XIX para proteger la isla de posibles ataques.<\/p>\n<p>Hoy en d\u00eda es un espacio visitable donde se pueden recorrer sus t\u00faneles, murallas y bater\u00edas defensivas mientras se disfrutan unas vistas espectaculares al mar. Su tama\u00f1o y conservaci\u00f3n la convierten en una de las fortalezas m\u00e1s importantes del Mediterr\u00e1neo.<\/p>\n<p>La Mola es una visita imprescindible para quienes buscan qu\u00e9 ver en Menorca m\u00e1s all\u00e1 de sus playas, combinando historia, arquitectura militar y paisajes \u00fanicos.\n<\/p>\n\t\t<\/div>\n\t\t\t\t\n<style>\n#col-985828831 > .col-inner {\n  padding: 40px 15% 30px 15%;\n}\n@media (min-width:550px) {\n  #col-985828831 > .col-inner {\n    padding: 60px 15% 60px 15%;\n  }\n}\n@media (min-width:850px) {\n  #col-985828831 > .col-inner {\n    padding: 0px 15% 0px 15%;\n  }\n}\n<\/style>\n\t<\/div>\n\n\t\n\n\t<div id=\"col-143985708\" class=\"col medium-12 small-12 large-5\"  >\n\t\t\t\t<div class=\"col-inner\"  >\n\t\t\t\n\t\t\t\n\t<section class=\"section dark\" id=\"section_2043680903\">\n\t\t<div class=\"bg section-bg fill bg-fill  \" >\n\n\t\t\t\n\t\t\t<div class=\"section-bg-overlay absolute fill\"><\/div>\n\t\t\t\n\n\t\t<\/div>\n\n\t\t\n\n\t\t<div class=\"section-content relative\">\n\t\t\t\n<div class=\"row\"  id=\"row-1675086663\">\n\n\t<div id=\"col-862344940\" class=\"col medium-10 small-12 large-10\"  >\n\t\t\t\t<div class=\"col-inner\"  >\n\t\t\t\n\t\t\t\n\t<div id=\"gap-2125269103\" class=\"gap-element clearfix\" style=\"display:block; height:auto;\">\n\t\t\n<style>\n#gap-2125269103 {\n  padding-top: 30px;\n}\n<\/style>\n\t<\/div>\n\t\n\t<div id=\"text-944307350\" class=\"text\">\n\t\t\n<h3>La Mola<\/h3>\n\t\t\n<style>\n#text-944307350 {\n  font-size: 2rem;\n  line-height: 1;\n}\n@media (min-width:550px) {\n  #text-944307350 {\n    font-size: 2.25rem;\n  }\n}\n<\/style>\n\t<\/div>\n\t\n<div class=\"is-divider divider clearfix\" style=\"max-width:80px;background-color:rgb(255, 255, 255);\"><\/div>\n\t\t<\/div>\n\t\t\t\t\n<style>\n#col-862344940 > .col-inner {\n  padding: 0px 0px 0px 0;\n}\n@media (min-width:550px) {\n  #col-862344940 > .col-inner {\n    padding: 0px 0px 0px 15%;\n  }\n}\n<\/style>\n\t<\/div>\n\n\t\n<\/div>\n\t\t<\/div>\n\n\t\t\n<style>\n#section_2043680903 {\n  padding-top: 0px;\n  padding-bottom: 0px;\n  min-height: 440px;\n}\n#section_2043680903 .section-bg-overlay {\n  background-color: rgba(0, 0, 0, 0.29);\n}\n#section_2043680903 .section-bg.bg-loaded {\n  background-image: url(https:\/\/autosbondia.com\/wp-content\/uploads\/2026\/04\/la-mola.jpg);\n}\n#section_2043680903 .ux-shape-divider--top svg {\n  height: 150px;\n  --divider-top-width: 100%;\n}\n#section_2043680903 .ux-shape-divider--bottom svg {\n  height: 150px;\n  --divider-width: 100%;\n}\n@media (min-width:550px) {\n  #section_2043680903 {\n    min-height: 500px;\n  }\n}\n@media (min-width:850px) {\n  #section_2043680903 {\n    min-height: 750px;\n  }\n}\n<\/style>\n\t<\/section>\n\t\n\t\t<\/div>\n\t\t\t\t\t<\/div>\n\n\t\n<\/div>\n<div class=\"row row-collapse row-full-width align-middle show-for-medium\"  id=\"row-1709375310\">\n\n\t<div id=\"col-961311883\" class=\"col medium-12 small-12 large-5\"  >\n\t\t\t\t<div class=\"col-inner\"  >\n\t\t\t\n\t\t\t\n\t<section class=\"section dark\" id=\"section_1047174230\">\n\t\t<div class=\"bg section-bg fill bg-fill  \" >\n\n\t\t\t\n\t\t\t<div class=\"section-bg-overlay absolute fill\"><\/div>\n\t\t\t\n\n\t\t<\/div>\n\n\t\t\n\n\t\t<div class=\"section-content relative\">\n\t\t\t\n<div class=\"row\"  id=\"row-1454481224\">\n\n\t<div id=\"col-1069660095\" class=\"col medium-10 small-12 large-10\"  >\n\t\t\t\t<div class=\"col-inner\"  >\n\t\t\t\n\t\t\t\n\t<div id=\"gap-710849875\" class=\"gap-element clearfix\" style=\"display:block; height:auto;\">\n\t\t\n<style>\n#gap-710849875 {\n  padding-top: 30px;\n}\n<\/style>\n\t<\/div>\n\t\n\t<div id=\"text-4077794607\" class=\"text\">\n\t\t\n<h3>La Mola<\/h3>\n\t\t\n<style>\n#text-4077794607 {\n  font-size: 2rem;\n  line-height: 1;\n}\n@media (min-width:550px) {\n  #text-4077794607 {\n    font-size: 2.25rem;\n  }\n}\n<\/style>\n\t<\/div>\n\t\n<div class=\"is-divider divider clearfix\" style=\"max-width:80px;background-color:rgb(255, 255, 255);\"><\/div>\n\t\t<\/div>\n\t\t\t\t\n<style>\n#col-1069660095 > .col-inner {\n  padding: 0px 0px 0px 0;\n}\n@media (min-width:550px) {\n  #col-1069660095 > .col-inner {\n    padding: 0px 0px 0px 15%;\n  }\n}\n<\/style>\n\t<\/div>\n\n\t\n<\/div>\n\t\t<\/div>\n\n\t\t\n<style>\n#section_1047174230 {\n  padding-top: 0px;\n  padding-bottom: 0px;\n  min-height: 440px;\n}\n#section_1047174230 .section-bg-overlay {\n  background-color: rgba(0, 0, 0, 0.29);\n}\n#section_1047174230 .section-bg.bg-loaded {\n  background-image: url(https:\/\/autosbondia.com\/wp-content\/uploads\/2026\/04\/la-mola.jpg);\n}\n#section_1047174230 .ux-shape-divider--top svg {\n  height: 150px;\n  --divider-top-width: 100%;\n}\n#section_1047174230 .ux-shape-divider--bottom svg {\n  height: 150px;\n  --divider-width: 100%;\n}\n@media (min-width:550px) {\n  #section_1047174230 {\n    min-height: 500px;\n  }\n}\n@media (min-width:850px) {\n  #section_1047174230 {\n    min-height: 750px;\n  }\n}\n<\/style>\n\t<\/section>\n\t\n\t\t<\/div>\n\t\t\t\t\t<\/div>\n\n\t\n\n\t<div id=\"col-766531967\" class=\"col medium-12 small-12 large-7\"  >\n\t\t\t\t<div class=\"col-inner\"  >\n\t\t\t\n\t\t\t\n<div class=\"container section-title-container\" ><h2 class=\"section-title section-title-center\"><b><\/b><span class=\"section-title-main\" >Martes<\/span><b><\/b><\/h2><\/div>\n<p>La Mola de Menorca es uno de los lugares hist\u00f3ricos m\u00e1s impresionantes de Menorca. Se trata de una gran fortaleza militar situada en la entrada del puerto de Ma\u00f3, construida en el siglo XIX para proteger la isla de posibles ataques.<\/p>\n<p>Hoy en d\u00eda es un espacio visitable donde se pueden recorrer sus t\u00faneles, murallas y bater\u00edas defensivas mientras se disfrutan unas vistas espectaculares al mar. Su tama\u00f1o y conservaci\u00f3n la convierten en una de las fortalezas m\u00e1s importantes del Mediterr\u00e1neo.<\/p>\n<p>La Mola es una visita imprescindible para quienes buscan qu\u00e9 ver en Menorca m\u00e1s all\u00e1 de sus playas, combinando historia, arquitectura militar y paisajes \u00fanicos.\n<\/p>\n\t\t<\/div>\n\t\t\t\t\n<style>\n#col-766531967 > .col-inner {\n  padding: 40px 15% 30px 15%;\n}\n@media (min-width:550px) {\n  #col-766531967 > .col-inner {\n    padding: 60px 15% 60px 15%;\n  }\n}\n@media (min-width:850px) {\n  #col-766531967 > .col-inner {\n    padding: 0px 15% 0px 15%;\n  }\n}\n<\/style>\n\t<\/div>\n\n\t\n<\/div>\n\t<div id=\"gap-687548671\" class=\"gap-element clearfix\" style=\"display:block; height:auto;\">\n\t\t\n<style>\n#gap-687548671 {\n  padding-top: 100px;\n}\n<\/style>\n\t<\/div>\n\t\n<div class=\"row row-collapse row-full-width align-middle\"  id=\"row-227185168\">\n\n\t<div id=\"col-1010597670\" class=\"col medium-12 small-12 large-5\"  >\n\t\t\t\t<div class=\"col-inner\"  >\n\t\t\t\n\t\t\t\n\t<section class=\"section dark\" id=\"section_1055164665\">\n\t\t<div class=\"bg section-bg fill bg-fill  \" >\n\n\t\t\t\n\t\t\t<div class=\"section-bg-overlay absolute fill\"><\/div>\n\t\t\t\n\n\t\t<\/div>\n\n\t\t\n\n\t\t<div class=\"section-content relative\">\n\t\t\t\n<div class=\"row\"  id=\"row-863558461\">\n\n\t<div id=\"col-113472262\" class=\"col medium-10 small-12 large-10\"  >\n\t\t\t\t<div class=\"col-inner\"  >\n\t\t\t\n\t\t\t\n\t<div id=\"gap-1369731269\" class=\"gap-element clearfix\" style=\"display:block; height:auto;\">\n\t\t\n<style>\n#gap-1369731269 {\n  padding-top: 30px;\n}\n<\/style>\n\t<\/div>\n\t\n\t<div id=\"text-3432446377\" class=\"text\">\n\t\t\n<h3>Castell de Sant Nicolau<\/h3>\n\t\t\n<style>\n#text-3432446377 {\n  font-size: 2rem;\n  line-height: 1;\n}\n@media (min-width:550px) {\n  #text-3432446377 {\n    font-size: 2.25rem;\n  }\n}\n<\/style>\n\t<\/div>\n\t\n<div class=\"is-divider divider clearfix\" style=\"max-width:80px;background-color:rgb(255, 255, 255);\"><\/div>\n\t\t<\/div>\n\t\t\t\t\n<style>\n#col-113472262 > .col-inner {\n  padding: 0px 0px 0px 0;\n}\n@media (min-width:550px) {\n  #col-113472262 > .col-inner {\n    padding: 0px 0px 0px 15%;\n  }\n}\n<\/style>\n\t<\/div>\n\n\t\n<\/div>\n\t\t<\/div>\n\n\t\t\n<style>\n#section_1055164665 {\n  padding-top: 0px;\n  padding-bottom: 0px;\n  min-height: 440px;\n}\n#section_1055164665 .section-bg-overlay {\n  background-color: rgba(0, 0, 0, 0.29);\n}\n#section_1055164665 .section-bg.bg-loaded {\n  background-image: url(https:\/\/autosbondia.com\/wp-content\/uploads\/2026\/04\/Castell-de-Sant-Nicolau-Ciutadella-Menorca.jpg);\n}\n#section_1055164665 .ux-shape-divider--top svg {\n  height: 150px;\n  --divider-top-width: 100%;\n}\n#section_1055164665 .ux-shape-divider--bottom svg {\n  height: 150px;\n  --divider-width: 100%;\n}\n@media (min-width:550px) {\n  #section_1055164665 {\n    min-height: 500px;\n  }\n}\n@media (min-width:850px) {\n  #section_1055164665 {\n    min-height: 750px;\n  }\n}\n<\/style>\n\t<\/section>\n\t\n\t\t<\/div>\n\t\t\t\t\t<\/div>\n\n\t\n\n\t<div id=\"col-1806084158\" class=\"col medium-12 small-12 large-7\"  >\n\t\t\t\t<div class=\"col-inner\"  >\n\t\t\t\n\t\t\t\n<div class=\"container section-title-container\" ><h2 class=\"section-title section-title-center\"><b><\/b><span class=\"section-title-main\" >Mi\u00e9rcoles<\/span><b><\/b><\/h2><\/div>\n<p>El Castell de Sant Nicolau, en Ciutadella, es un peque\u00f1o pero emblem\u00e1tico punto hist\u00f3rico junto al mar que merece una parada. Construido en el siglo XVII para proteger el puerto, destaca por su estructura s\u00f3lida y su forma defensiva, reflejo del pasado militar de la isla.<\/p>\n<p>Su ubicaci\u00f3n, a pocos minutos del centro, lo convierte en un lugar ideal para un paseo tranquilo. Desde all\u00ed se pueden disfrutar de bonitas vistas del puerto y de la costa, especialmente al atardecer, cuando el ambiente se vuelve a\u00fan m\u00e1s especial. Un rinc\u00f3n con historia, sencillo pero con mucho encanto.<\/p>\n\t\t<\/div>\n\t\t\t\t\n<style>\n#col-1806084158 > .col-inner {\n  padding: 40px 15% 30px 15%;\n}\n@media (min-width:550px) {\n  #col-1806084158 > .col-inner {\n    padding: 60px 15% 60px 15%;\n  }\n}\n@media (min-width:850px) {\n  #col-1806084158 > .col-inner {\n    padding: 0px 15% 0px 15%;\n  }\n}\n<\/style>\n\t<\/div>\n\n\t\n<\/div>\n\t<div id=\"gap-1575668852\" class=\"gap-element clearfix\" style=\"display:block; height:auto;\">\n\t\t\n<style>\n#gap-1575668852 {\n  padding-top: 100px;\n}\n<\/style>\n\t<\/div>\n\t\n<div class=\"row row-collapse row-full-width align-middle hide-for-medium\"  id=\"row-914314775\">\n\n\t<div id=\"col-674987592\" class=\"col medium-12 small-12 large-7\"  >\n\t\t\t\t<div class=\"col-inner\"  >\n\t\t\t\n\t\t\t\n<div class=\"container section-title-container\" ><h2 class=\"section-title section-title-center\"><b><\/b><span class=\"section-title-main\" >Jueves<\/span><b><\/b><\/h2><\/div>\n<p>Binibeca, en Menorca, es uno de los rincones m\u00e1s pintorescos de la isla. Su famoso poblado, Binib\u00e8quer Vell, destaca por sus casas blancas, calles estrechas y un ambiente que recuerda a un peque\u00f1o pueblo mediterr\u00e1neo tradicional.<\/p>\n<p>Situado cerca de Sant Llu\u00eds, es perfecto para pasear sin prisa, hacer fotos y disfrutar de su encanto \u00fanico. Muy cerca tambi\u00e9n encontrar\u00e1s calas de aguas cristalinas, lo que lo convierte en una visita muy completa. Un lugar ideal para empaparse del estilo m\u00e1s aut\u00e9ntico y fotog\u00e9nico de Menorca.<\/p>\n\t\t<\/div>\n\t\t\t\t\n<style>\n#col-674987592 > .col-inner {\n  padding: 40px 15% 30px 15%;\n}\n@media (min-width:550px) {\n  #col-674987592 > .col-inner {\n    padding: 60px 15% 60px 15%;\n  }\n}\n@media (min-width:850px) {\n  #col-674987592 > .col-inner {\n    padding: 0px 15% 0px 15%;\n  }\n}\n<\/style>\n\t<\/div>\n\n\t\n\n\t<div id=\"col-1920170742\" class=\"col medium-12 small-12 large-5\"  >\n\t\t\t\t<div class=\"col-inner\"  >\n\t\t\t\n\t\t\t\n\t<section class=\"section dark\" id=\"section_1342337648\">\n\t\t<div class=\"bg section-bg fill bg-fill  \" >\n\n\t\t\t\n\t\t\t<div class=\"section-bg-overlay absolute fill\"><\/div>\n\t\t\t\n\n\t\t<\/div>\n\n\t\t\n\n\t\t<div class=\"section-content relative\">\n\t\t\t\n<div class=\"row\"  id=\"row-1771718809\">\n\n\t<div id=\"col-1140822670\" class=\"col medium-10 small-12 large-10\"  >\n\t\t\t\t<div class=\"col-inner\"  >\n\t\t\t\n\t\t\t\n\t<div id=\"gap-1788121700\" class=\"gap-element clearfix\" style=\"display:block; height:auto;\">\n\t\t\n<style>\n#gap-1788121700 {\n  padding-top: 30px;\n}\n<\/style>\n\t<\/div>\n\t\n\t<div id=\"text-4163075879\" class=\"text\">\n\t\t\n<h3>Binibeca<\/h3>\n\t\t\n<style>\n#text-4163075879 {\n  font-size: 2rem;\n  line-height: 1;\n}\n@media (min-width:550px) {\n  #text-4163075879 {\n    font-size: 2.25rem;\n  }\n}\n<\/style>\n\t<\/div>\n\t\n<div class=\"is-divider divider clearfix\" style=\"max-width:80px;background-color:rgb(255, 255, 255);\"><\/div>\n\t\t<\/div>\n\t\t\t\t\n<style>\n#col-1140822670 > .col-inner {\n  padding: 0px 0px 0px 0;\n}\n@media (min-width:550px) {\n  #col-1140822670 > .col-inner {\n    padding: 0px 0px 0px 15%;\n  }\n}\n<\/style>\n\t<\/div>\n\n\t\n<\/div>\n\t\t<\/div>\n\n\t\t\n<style>\n#section_1342337648 {\n  padding-top: 0px;\n  padding-bottom: 0px;\n  min-height: 440px;\n}\n#section_1342337648 .section-bg-overlay {\n  background-color: rgba(0, 0, 0, 0.29);\n}\n#section_1342337648 .section-bg.bg-loaded {\n  background-image: url(https:\/\/autosbondia.com\/wp-content\/uploads\/2026\/04\/calles-binibeca-vell.jpeg);\n}\n#section_1342337648 .ux-shape-divider--top svg {\n  height: 150px;\n  --divider-top-width: 100%;\n}\n#section_1342337648 .ux-shape-divider--bottom svg {\n  height: 150px;\n  --divider-width: 100%;\n}\n@media (min-width:550px) {\n  #section_1342337648 {\n    min-height: 500px;\n  }\n}\n@media (min-width:850px) {\n  #section_1342337648 {\n    min-height: 750px;\n  }\n}\n<\/style>\n\t<\/section>\n\t\n\t\t<\/div>\n\t\t\t\t\t<\/div>\n\n\t\n<\/div>\n<div class=\"row row-collapse row-full-width align-middle show-for-medium\"  id=\"row-1797897655\">\n\n\t<div id=\"col-1358236485\" class=\"col medium-12 small-12 large-5\"  >\n\t\t\t\t<div class=\"col-inner\"  >\n\t\t\t\n\t\t\t\n\t<section class=\"section dark\" id=\"section_740963950\">\n\t\t<div class=\"bg section-bg fill bg-fill  \" >\n\n\t\t\t\n\t\t\t<div class=\"section-bg-overlay absolute fill\"><\/div>\n\t\t\t\n\n\t\t<\/div>\n\n\t\t\n\n\t\t<div class=\"section-content relative\">\n\t\t\t\n<div class=\"row\"  id=\"row-1764390288\">\n\n\t<div id=\"col-2082259322\" class=\"col medium-10 small-12 large-10\"  >\n\t\t\t\t<div class=\"col-inner\"  >\n\t\t\t\n\t\t\t\n\t<div id=\"gap-344920163\" class=\"gap-element clearfix\" style=\"display:block; height:auto;\">\n\t\t\n<style>\n#gap-344920163 {\n  padding-top: 30px;\n}\n<\/style>\n\t<\/div>\n\t\n\t<div id=\"text-3012043191\" class=\"text\">\n\t\t\n<h3>Binibeca<\/h3>\n\t\t\n<style>\n#text-3012043191 {\n  font-size: 2rem;\n  line-height: 1;\n}\n@media (min-width:550px) {\n  #text-3012043191 {\n    font-size: 2.25rem;\n  }\n}\n<\/style>\n\t<\/div>\n\t\n<div class=\"is-divider divider clearfix\" style=\"max-width:80px;background-color:rgb(255, 255, 255);\"><\/div>\n\t\t<\/div>\n\t\t\t\t\n<style>\n#col-2082259322 > .col-inner {\n  padding: 0px 0px 0px 0;\n}\n@media (min-width:550px) {\n  #col-2082259322 > .col-inner {\n    padding: 0px 0px 0px 15%;\n  }\n}\n<\/style>\n\t<\/div>\n\n\t\n<\/div>\n\t\t<\/div>\n\n\t\t\n<style>\n#section_740963950 {\n  padding-top: 0px;\n  padding-bottom: 0px;\n  min-height: 440px;\n}\n#section_740963950 .section-bg-overlay {\n  background-color: rgba(0, 0, 0, 0.29);\n}\n#section_740963950 .section-bg.bg-loaded {\n  background-image: url(https:\/\/autosbondia.com\/wp-content\/uploads\/2026\/04\/calles-binibeca-vell.jpeg);\n}\n#section_740963950 .ux-shape-divider--top svg {\n  height: 150px;\n  --divider-top-width: 100%;\n}\n#section_740963950 .ux-shape-divider--bottom svg {\n  height: 150px;\n  --divider-width: 100%;\n}\n@media (min-width:550px) {\n  #section_740963950 {\n    min-height: 500px;\n  }\n}\n@media (min-width:850px) {\n  #section_740963950 {\n    min-height: 750px;\n  }\n}\n<\/style>\n\t<\/section>\n\t\n\t\t<\/div>\n\t\t\t\t\t<\/div>\n\n\t\n\n\t<div id=\"col-635058211\" class=\"col medium-12 small-12 large-7\"  >\n\t\t\t\t<div class=\"col-inner\"  >\n\t\t\t\n\t\t\t\n<div class=\"container section-title-container\" ><h2 class=\"section-title section-title-center\"><b><\/b><span class=\"section-title-main\" >Jueves<\/span><b><\/b><\/h2><\/div>\n<p>Binibeca, en Menorca, es uno de los rincones m\u00e1s pintorescos de la isla. Su famoso poblado, Binib\u00e8quer Vell, destaca por sus casas blancas, calles estrechas y un ambiente que recuerda a un peque\u00f1o pueblo mediterr\u00e1neo tradicional.<\/p>\n<p>Situado cerca de Sant Llu\u00eds, es perfecto para pasear sin prisa, hacer fotos y disfrutar de su encanto \u00fanico. Muy cerca tambi\u00e9n encontrar\u00e1s calas de aguas cristalinas, lo que lo convierte en una visita muy completa. Un lugar ideal para empaparse del estilo m\u00e1s aut\u00e9ntico y fotog\u00e9nico de Menorca.<\/p>\n\t\t<\/div>\n\t\t\t\t\n<style>\n#col-635058211 > .col-inner {\n  padding: 40px 15% 30px 15%;\n}\n@media (min-width:550px) {\n  #col-635058211 > .col-inner {\n    padding: 60px 15% 60px 15%;\n  }\n}\n@media (min-width:850px) {\n  #col-635058211 > .col-inner {\n    padding: 0px 15% 0px 15%;\n  }\n}\n<\/style>\n\t<\/div>\n\n\t\n<\/div>\n\t<div id=\"gap-69900850\" class=\"gap-element clearfix\" style=\"display:block; height:auto;\">\n\t\t\n<style>\n#gap-69900850 {\n  padding-top: 100px;\n}\n<\/style>\n\t<\/div>\n\t\n<div class=\"row row-collapse row-full-width align-middle\"  id=\"row-1093488052\">\n\n\t<div id=\"col-1439720389\" class=\"col medium-12 small-12 large-5\"  >\n\t\t\t\t<div class=\"col-inner\"  >\n\t\t\t\n\t\t\t\n\t<section class=\"section dark\" id=\"section_1956256137\">\n\t\t<div class=\"bg section-bg fill bg-fill  \" >\n\n\t\t\t\n\t\t\t<div class=\"section-bg-overlay absolute fill\"><\/div>\n\t\t\t\n\n\t\t<\/div>\n\n\t\t\n\n\t\t<div class=\"section-content relative\">\n\t\t\t\n<div class=\"row\"  id=\"row-875855788\">\n\n\t<div id=\"col-236570584\" class=\"col medium-10 small-12 large-10\"  >\n\t\t\t\t<div class=\"col-inner\"  >\n\t\t\t\n\t\t\t\n\t<div id=\"gap-1118174563\" class=\"gap-element clearfix\" style=\"display:block; height:auto;\">\n\t\t\n<style>\n#gap-1118174563 {\n  padding-top: 30px;\n}\n<\/style>\n\t<\/div>\n\t\n\t<div id=\"text-474207852\" class=\"text\">\n\t\t\n<h3>Naveta des Tudons<\/h3>\n\t\t\n<style>\n#text-474207852 {\n  font-size: 2rem;\n  line-height: 1;\n}\n@media (min-width:550px) {\n  #text-474207852 {\n    font-size: 2.25rem;\n  }\n}\n<\/style>\n\t<\/div>\n\t\n<div class=\"is-divider divider clearfix\" style=\"max-width:80px;background-color:rgb(255, 255, 255);\"><\/div>\n\t\t<\/div>\n\t\t\t\t\n<style>\n#col-236570584 > .col-inner {\n  padding: 0px 0px 0px 0;\n}\n@media (min-width:550px) {\n  #col-236570584 > .col-inner {\n    padding: 0px 0px 0px 15%;\n  }\n}\n<\/style>\n\t<\/div>\n\n\t\n<\/div>\n\t\t<\/div>\n\n\t\t\n<style>\n#section_1956256137 {\n  padding-top: 0px;\n  padding-bottom: 0px;\n  min-height: 440px;\n}\n#section_1956256137 .section-bg-overlay {\n  background-color: rgba(0, 0, 0, 0.29);\n}\n#section_1956256137 .section-bg.bg-loaded {\n  background-image: url(https:\/\/autosbondia.com\/wp-content\/uploads\/2026\/04\/8422img4.jpg);\n}\n#section_1956256137 .ux-shape-divider--top svg {\n  height: 150px;\n  --divider-top-width: 100%;\n}\n#section_1956256137 .ux-shape-divider--bottom svg {\n  height: 150px;\n  --divider-width: 100%;\n}\n@media (min-width:550px) {\n  #section_1956256137 {\n    min-height: 500px;\n  }\n}\n@media (min-width:850px) {\n  #section_1956256137 {\n    min-height: 750px;\n  }\n}\n<\/style>\n\t<\/section>\n\t\n\t\t<\/div>\n\t\t\t\t\t<\/div>\n\n\t\n\n\t<div id=\"col-2004744189\" class=\"col medium-12 small-12 large-7\"  >\n\t\t\t\t<div class=\"col-inner\"  >\n\t\t\t\n\t\t\t\n<div class=\"container section-title-container\" ><h2 class=\"section-title section-title-center\"><b><\/b><span class=\"section-title-main\" >Viernes<\/span><b><\/b><\/h2><\/div>\n<p>Sa Naveta des Tudons, en Menorca, es uno de los monumentos prehist\u00f3ricos m\u00e1s importantes de la isla y una visita imprescindible para los amantes de la historia. Este enterramiento colectivo, considerado uno de los mejor conservados de Europa, data de la \u00e9poca talay\u00f3tica y es un claro ejemplo del pasado m\u00e1s antiguo de Menorca.<\/p>\n<p>Situado cerca de Ciutadella, es f\u00e1cil de visitar y forma parte de la conocida cultura talay\u00f3tica menorquina, declarada Patrimonio Mundial. Su estructura en forma de nave invertida lo hace \u00fanico y muy llamativo.<\/p>\n<p>Es un lugar perfecto para entender la historia de Menorca m\u00e1s all\u00e1 de sus playas, combinando arqueolog\u00eda, cultura y un entorno natural muy especial. Una parada breve pero imprescindible para descubrir el origen de la isla.<\/p>\n\t\t<\/div>\n\t\t\t\t\n<style>\n#col-2004744189 > .col-inner {\n  padding: 40px 15% 30px 15%;\n}\n@media (min-width:550px) {\n  #col-2004744189 > .col-inner {\n    padding: 60px 15% 60px 15%;\n  }\n}\n@media (min-width:850px) {\n  #col-2004744189 > .col-inner {\n    padding: 0px 15% 0px 15%;\n  }\n}\n<\/style>\n\t<\/div>\n\n\t\n<\/div>\n\t<div id=\"gap-1128347928\" class=\"gap-element clearfix\" style=\"display:block; height:auto;\">\n\t\t\n<style>\n#gap-1128347928 {\n  padding-top: 100px;\n}\n<\/style>\n\t<\/div>\n\t\n<div class=\"row row-collapse row-full-width align-middle hide-for-medium\"  id=\"row-1483206159\">\n\n\t<div id=\"col-2078905234\" class=\"col medium-12 small-12 large-7\"  >\n\t\t\t\t<div class=\"col-inner\"  >\n\t\t\t\n\t\t\t\n<div class=\"container section-title-container\" ><h2 class=\"section-title section-title-center\"><b><\/b><span class=\"section-title-main\" >S\u00e1bado<\/span><b><\/b><\/h2><\/div>\n<p>L\u00edthica es uno de los espacios m\u00e1s sorprendentes de Menorca. Se trata de unas antiguas canteras de mar\u00e9s transformadas en un parque cultural y natural donde se mezclan arte, historia y naturaleza.<\/p>\n<p>Situado cerca de Ciutadella, es ideal para pasear entre pasadizos de piedra, jardines y laberintos excavados en la roca. Su ambiente es muy diferente al resto de la isla, ofreciendo una experiencia m\u00e1s art\u00edstica y tranquila.<\/p>\n<p>L\u00edthica es perfecto para quienes buscan qu\u00e9 ver en Menorca m\u00e1s all\u00e1 de las playas, combinando cultura, paisaje y un entorno \u00fanico que sorprende a cada visitante.<\/p>\n\t\t<\/div>\n\t\t\t\t\n<style>\n#col-2078905234 > .col-inner {\n  padding: 40px 15% 30px 15%;\n}\n@media (min-width:550px) {\n  #col-2078905234 > .col-inner {\n    padding: 60px 15% 60px 15%;\n  }\n}\n@media (min-width:850px) {\n  #col-2078905234 > .col-inner {\n    padding: 0px 15% 0px 15%;\n  }\n}\n<\/style>\n\t<\/div>\n\n\t\n\n\t<div id=\"col-541670262\" class=\"col medium-12 small-12 large-5\"  >\n\t\t\t\t<div class=\"col-inner\"  >\n\t\t\t\n\t\t\t\n\t<section class=\"section dark\" id=\"section_1652558822\">\n\t\t<div class=\"bg section-bg fill bg-fill  \" >\n\n\t\t\t\n\t\t\t<div class=\"section-bg-overlay absolute fill\"><\/div>\n\t\t\t\n\n\t\t<\/div>\n\n\t\t\n\n\t\t<div class=\"section-content relative\">\n\t\t\t\n<div class=\"row\"  id=\"row-667802440\">\n\n\t<div id=\"col-1741862214\" class=\"col medium-10 small-12 large-10\"  >\n\t\t\t\t<div class=\"col-inner\"  >\n\t\t\t\n\t\t\t\n\t<div id=\"gap-314040608\" class=\"gap-element clearfix\" style=\"display:block; height:auto;\">\n\t\t\n<style>\n#gap-314040608 {\n  padding-top: 30px;\n}\n<\/style>\n\t<\/div>\n\t\n\t<div id=\"text-3152153828\" class=\"text\">\n\t\t\n<h3>Lithica<\/h3>\n\t\t\n<style>\n#text-3152153828 {\n  font-size: 2rem;\n  line-height: 1;\n}\n@media (min-width:550px) {\n  #text-3152153828 {\n    font-size: 2.25rem;\n  }\n}\n<\/style>\n\t<\/div>\n\t\n<div class=\"is-divider divider clearfix\" style=\"max-width:80px;background-color:rgb(255, 255, 255);\"><\/div>\n\t\t<\/div>\n\t\t\t\t\n<style>\n#col-1741862214 > .col-inner {\n  padding: 0px 0px 0px 0;\n}\n@media (min-width:550px) {\n  #col-1741862214 > .col-inner {\n    padding: 0px 0px 0px 15%;\n  }\n}\n<\/style>\n\t<\/div>\n\n\t\n<\/div>\n\t\t<\/div>\n\n\t\t\n<style>\n#section_1652558822 {\n  padding-top: 0px;\n  padding-bottom: 0px;\n  min-height: 440px;\n}\n#section_1652558822 .section-bg-overlay {\n  background-color: rgba(0, 0, 0, 0.29);\n}\n#section_1652558822 .section-bg.bg-loaded {\n  background-image: url(https:\/\/autosbondia.com\/wp-content\/uploads\/2026\/04\/lithica.jpg);\n}\n#section_1652558822 .ux-shape-divider--top svg {\n  height: 150px;\n  --divider-top-width: 100%;\n}\n#section_1652558822 .ux-shape-divider--bottom svg {\n  height: 150px;\n  --divider-width: 100%;\n}\n@media (min-width:550px) {\n  #section_1652558822 {\n    min-height: 500px;\n  }\n}\n@media (min-width:850px) {\n  #section_1652558822 {\n    min-height: 750px;\n  }\n}\n<\/style>\n\t<\/section>\n\t\n\t\t<\/div>\n\t\t\t\t\t<\/div>\n\n\t\n<\/div>\n<div class=\"row row-collapse row-full-width align-middle show-for-medium\"  id=\"row-597704219\">\n\n\t<div id=\"col-315383530\" class=\"col medium-12 small-12 large-5\"  >\n\t\t\t\t<div class=\"col-inner\"  >\n\t\t\t\n\t\t\t\n\t<section class=\"section dark\" id=\"section_1635258437\">\n\t\t<div class=\"bg section-bg fill bg-fill  \" >\n\n\t\t\t\n\t\t\t<div class=\"section-bg-overlay absolute fill\"><\/div>\n\t\t\t\n\n\t\t<\/div>\n\n\t\t\n\n\t\t<div class=\"section-content relative\">\n\t\t\t\n<div class=\"row\"  id=\"row-995571530\">\n\n\t<div id=\"col-182546533\" class=\"col medium-10 small-12 large-10\"  >\n\t\t\t\t<div class=\"col-inner\"  >\n\t\t\t\n\t\t\t\n\t<div id=\"gap-555895789\" class=\"gap-element clearfix\" style=\"display:block; height:auto;\">\n\t\t\n<style>\n#gap-555895789 {\n  padding-top: 30px;\n}\n<\/style>\n\t<\/div>\n\t\n\t<div id=\"text-1388593182\" class=\"text\">\n\t\t\n<h3>Lithica<\/h3>\n\t\t\n<style>\n#text-1388593182 {\n  font-size: 2rem;\n  line-height: 1;\n}\n@media (min-width:550px) {\n  #text-1388593182 {\n    font-size: 2.25rem;\n  }\n}\n<\/style>\n\t<\/div>\n\t\n<div class=\"is-divider divider clearfix\" style=\"max-width:80px;background-color:rgb(255, 255, 255);\"><\/div>\n\t\t<\/div>\n\t\t\t\t\n<style>\n#col-182546533 > .col-inner {\n  padding: 0px 0px 0px 0;\n}\n@media (min-width:550px) {\n  #col-182546533 > .col-inner {\n    padding: 0px 0px 0px 15%;\n  }\n}\n<\/style>\n\t<\/div>\n\n\t\n<\/div>\n\t\t<\/div>\n\n\t\t\n<style>\n#section_1635258437 {\n  padding-top: 0px;\n  padding-bottom: 0px;\n  min-height: 440px;\n}\n#section_1635258437 .section-bg-overlay {\n  background-color: rgba(0, 0, 0, 0.29);\n}\n#section_1635258437 .section-bg.bg-loaded {\n  background-image: url(https:\/\/autosbondia.com\/wp-content\/uploads\/2026\/04\/lithica.jpg);\n}\n#section_1635258437 .ux-shape-divider--top svg {\n  height: 150px;\n  --divider-top-width: 100%;\n}\n#section_1635258437 .ux-shape-divider--bottom svg {\n  height: 150px;\n  --divider-width: 100%;\n}\n@media (min-width:550px) {\n  #section_1635258437 {\n    min-height: 500px;\n  }\n}\n@media (min-width:850px) {\n  #section_1635258437 {\n    min-height: 750px;\n  }\n}\n<\/style>\n\t<\/section>\n\t\n\t\t<\/div>\n\t\t\t\t\t<\/div>\n\n\t\n\n\t<div id=\"col-1002864788\" class=\"col medium-12 small-12 large-7\"  >\n\t\t\t\t<div class=\"col-inner\"  >\n\t\t\t\n\t\t\t\n<div class=\"container section-title-container\" ><h2 class=\"section-title section-title-center\"><b><\/b><span class=\"section-title-main\" >S\u00e1bado<\/span><b><\/b><\/h2><\/div>\n<p>L\u00edthica es uno de los espacios m\u00e1s sorprendentes de Menorca. Se trata de unas antiguas canteras de mar\u00e9s transformadas en un parque cultural y natural donde se mezclan arte, historia y naturaleza.<\/p>\n<p>Situado cerca de Ciutadella, es ideal para pasear entre pasadizos de piedra, jardines y laberintos excavados en la roca. Su ambiente es muy diferente al resto de la isla, ofreciendo una experiencia m\u00e1s art\u00edstica y tranquila.<\/p>\n<p>L\u00edthica es perfecto para quienes buscan qu\u00e9 ver en Menorca m\u00e1s all\u00e1 de las playas, combinando cultura, paisaje y un entorno \u00fanico que sorprende a cada visitante.<\/p>\n\t\t<\/div>\n\t\t\t\t\n<style>\n#col-1002864788 > .col-inner {\n  padding: 40px 15% 30px 15%;\n}\n@media (min-width:550px) {\n  #col-1002864788 > .col-inner {\n    padding: 60px 15% 60px 15%;\n  }\n}\n@media (min-width:850px) {\n  #col-1002864788 > .col-inner {\n    padding: 0px 15% 0px 15%;\n  }\n}\n<\/style>\n\t<\/div>\n\n\t\n<\/div>\n\t<div id=\"gap-1999046736\" class=\"gap-element clearfix\" style=\"display:block; height:auto;\">\n\t\t\n<style>\n#gap-1999046736 {\n  padding-top: 100px;\n}\n<\/style>\n\t<\/div>\n\t\n<div class=\"row row-collapse row-full-width align-middle\"  id=\"row-1386266400\">\n\n\t<div id=\"col-809073434\" class=\"col medium-12 small-12 large-5\"  >\n\t\t\t\t<div class=\"col-inner\"  >\n\t\t\t\n\t\t\t\n\t<section class=\"section dark\" id=\"section_640108353\">\n\t\t<div class=\"bg section-bg fill bg-fill  \" >\n\n\t\t\t\n\t\t\t<div class=\"section-bg-overlay absolute fill\"><\/div>\n\t\t\t\n\n\t\t<\/div>\n\n\t\t\n\n\t\t<div class=\"section-content relative\">\n\t\t\t\n<div class=\"row\"  id=\"row-453583962\">\n\n\t<div id=\"col-1633701248\" class=\"col medium-10 small-12 large-10\"  >\n\t\t\t\t<div class=\"col-inner\"  >\n\t\t\t\n\t\t\t\n\t<div id=\"gap-250709824\" class=\"gap-element clearfix\" style=\"display:block; height:auto;\">\n\t\t\n<style>\n#gap-250709824 {\n  padding-top: 30px;\n}\n<\/style>\n\t<\/div>\n\t\n\t<div id=\"text-1812936737\" class=\"text\">\n\t\t\n<h3>Cova d'en Xoroi<\/h3>\n\t\t\n<style>\n#text-1812936737 {\n  font-size: 2rem;\n  line-height: 1;\n}\n@media (min-width:550px) {\n  #text-1812936737 {\n    font-size: 2.25rem;\n  }\n}\n<\/style>\n\t<\/div>\n\t\n<div class=\"is-divider divider clearfix\" style=\"max-width:80px;background-color:rgb(255, 255, 255);\"><\/div>\n\t\t<\/div>\n\t\t\t\t\n<style>\n#col-1633701248 > .col-inner {\n  padding: 0px 0px 0px 0;\n}\n@media (min-width:550px) {\n  #col-1633701248 > .col-inner {\n    padding: 0px 0px 0px 15%;\n  }\n}\n<\/style>\n\t<\/div>\n\n\t\n<\/div>\n\t\t<\/div>\n\n\t\t\n<style>\n#section_640108353 {\n  padding-top: 0px;\n  padding-bottom: 0px;\n  min-height: 440px;\n}\n#section_640108353 .section-bg-overlay {\n  background-color: rgba(0, 0, 0, 0.29);\n}\n#section_640108353 .section-bg.bg-loaded {\n  background-image: url(https:\/\/autosbondia.com\/wp-content\/uploads\/2026\/04\/cova-xoroi.jpg);\n}\n#section_640108353 .ux-shape-divider--top svg {\n  height: 150px;\n  --divider-top-width: 100%;\n}\n#section_640108353 .ux-shape-divider--bottom svg {\n  height: 150px;\n  --divider-width: 100%;\n}\n@media (min-width:550px) {\n  #section_640108353 {\n    min-height: 500px;\n  }\n}\n@media (min-width:850px) {\n  #section_640108353 {\n    min-height: 750px;\n  }\n}\n<\/style>\n\t<\/section>\n\t\n\t\t<\/div>\n\t\t\t\t\t<\/div>\n\n\t\n\n\t<div id=\"col-1959103039\" class=\"col medium-12 small-12 large-7\"  >\n\t\t\t\t<div class=\"col-inner\"  >\n\t\t\t\n\t\t\t\n<div class=\"container section-title-container\" ><h2 class=\"section-title section-title-center\"><b><\/b><span class=\"section-title-main\" >Domingo<\/span><b><\/b><\/h2><\/div>\n<p>Cova d\u2019en Xoroi es uno de los lugares m\u00e1s espectaculares y famosos de Menorca. Se trata de una cueva natural situada en un acantilado con vistas impresionantes al mar Mediterr\u00e1neo, que combina naturaleza, ocio y un ambiente \u00fanico.<\/p>\n<p>Ubicada cerca de Alaior, es conocida tanto por sus vistas al atardecer como por su vida nocturna, ya que funciona como bar y discoteca en un entorno totalmente singular. Ver la puesta de sol desde sus terrazas es una de las experiencias m\u00e1s ic\u00f3nicas de la isla.<\/p>\n<p>La Cova d\u2019en Xoroi es un lugar imprescindible para quienes buscan qu\u00e9 hacer en Menorca, ya que ofrece una combinaci\u00f3n perfecta de paisaje, m\u00fasica y un ambiente inolvidable frente al mar.<\/p>\n\t\t<\/div>\n\t\t\t\t\n<style>\n#col-1959103039 > .col-inner {\n  padding: 40px 15% 30px 15%;\n}\n@media (min-width:550px) {\n  #col-1959103039 > .col-inner {\n    padding: 60px 15% 60px 15%;\n  }\n}\n@media (min-width:850px) {\n  #col-1959103039 > .col-inner {\n    padding: 0px 15% 0px 15%;\n  }\n}\n<\/style>\n\t<\/div>\n\n\t\n<\/div>\n","protected":false},"excerpt":{"rendered":"","protected":false},"author":5,"featured_media":0,"parent":0,"menu_order":0,"comment_status":"closed","ping_status":"closed","template":"","meta":{"footnotes":""},"class_list":["post-829","page","type-page","status-publish","hentry"],"_links":{"self":[{"href":"https:\/\/autosbondia.com\/es\/wp-json\/wp\/v2\/pages\/829","targetHints":{"allow":["GET"]}}],"collection":[{"href":"https:\/\/autosbondia.com\/es\/wp-json\/wp\/v2\/pages"}],"about":[{"href":"https:\/\/autosbondia.com\/es\/wp-json\/wp\/v2\/types\/page"}],"author":[{"embeddable":true,"href":"https:\/\/autosbondia.com\/es\/wp-json\/wp\/v2\/users\/5"}],"replies":[{"embeddable":true,"href":"https:\/\/autosbondia.com\/es\/wp-json\/wp\/v2\/comments?post=829"}],"version-history":[{"count":22,"href":"https:\/\/autosbondia.com\/es\/wp-json\/wp\/v2\/pages\/829\/revisions"}],"predecessor-version":[{"id":953,"href":"https:\/\/autosbondia.com\/es\/wp-json\/wp\/v2\/pages\/829\/revisions\/953"}],"wp:attachment":[{"href":"https:\/\/autosbondia.com\/es\/wp-json\/wp\/v2\/media?parent=829"}],"curies":[{"name":"wp","href":"https:\/\/api.w.org\/{rel}","templated":true}]}}